{"id":9176,"date":"2026-01-07T12:01:15","date_gmt":"2026-01-07T11:01:15","guid":{"rendered":"https:\/\/lurdyhaz.hu\/esemenyek\/beke-bennem-beke-korulottem-peller-mariann-sebestyen-balazs\/"},"modified":"2026-01-09T16:03:18","modified_gmt":"2026-01-09T15:03:18","slug":"beke-bennem-beke-korulottem-peller-mariann-sebestyen-balazs","status":"publish","type":"events-cpt","link":"https:\/\/lurdyhaz.hu\/en\/events\/beke-bennem-beke-korulottem-peller-mariann-sebestyen-balazs\/","title":{"rendered":"B\u00e9ke bennem, b\u00e9ke k\u00f6r\u00fcl\u00f6ttem Peller Mariann &#038; Sebesty\u00e9n Bal\u00e1zs"},"template":"","class_list":["post-9176","events-cpt","type-events-cpt","status-publish","hentry"],"acf":{"subtitle":"","highlighted_image":9177,"event_starts":"2026-02-23 00:00:00","event_ends":"2026-02-23 00:00:00","description":"B\u00e9ke bennem, b\u00e9ke k\u00f6r\u00fcl\u00f6ttem\r\n\r\n2026-ban, emberk\u00e9nt a F\u00f6ld\u00f6n \u00e9lve tal\u00e1n soha nem volt m\u00e9g ennyire \u00e9get\u0151en fontos k\u00e9rd\u00e9s a bels\u0151 b\u00e9ke megteremt\u00e9se. Mindannyian keress\u00fck a biztons\u00e1got, azt a l\u00e1thatatlan v\u00e9d\u0151burkot, amely meg\u00f3v a k\u00edv\u00fclr\u0151l \u00e9rkez\u0151 fesz\u00fclts\u00e9gt\u0151l, agresszi\u00f3t\u00f3l, negat\u00edv energi\u00e1kt\u00f3l \u00e9s a vil\u00e1gb\u00f3l r\u00e1nk nehezed\u0151 nyom\u00e1st\u00f3l.\r\n\r\nM\u00e9gis, gyakran megfeledkez\u00fcnk arr\u00f3l, hogy a val\u00f3di biztons\u00e1g \u2014 a csendes, b\u00e9k\u00e9s nyugv\u00f3pont \u2014 nem k\u00edv\u00fclr\u0151l \u00e9rkezik. Nek\u00fcnk kell megteremten\u00fcnk \u00f6nmagunkban. Onnan terjeszthetj\u00fck ki a k\u00f6zvetlen-, majd t\u00e1gabb k\u00f6rnyezet\u00fcnkre.\r\n\r\nDe hogyan kezdj\u00fcnk neki? Hol tal\u00e1ljuk meg az els\u0151 l\u00e9p\u00e9st? Milyen gyorsan tapasztalhatunk v\u00e1ltoz\u00e1st a saj\u00e1t \u00e9let\u00fcnkben \u2014 \u00e9s vajon a vil\u00e1gban?\r\n\r\nEzekre a k\u00e9rd\u00e9sekre keres\u00fcnk - \u00e9s tal\u00e1lunk is - v\u00e1laszt Sebesty\u00e9n Bal\u00e1zzsal \u00e9s Veletek, egy\u00fctt, ha vel\u00fcnk tartotok 2026. Febru\u00e1r 23-\u00e1n h\u00e9tf\u0151n este 19:00-t\u0151l!\r\n ","helyszin":"","link":"","flexible_content":null},"yoast_head":"<!-- This site is optimized with the Yoast SEO Premium plugin v26.7 (Yoast SEO v26.7) - https:\/\/yoast.com\/wordpress\/plugins\/seo\/ -->\n<title>B\u00e9ke bennem, b\u00e9ke k\u00f6r\u00fcl\u00f6ttem Peller Mariann &amp; Sebesty\u00e9n Bal\u00e1zs - Lurdy H\u00e1z Budapest<\/title>\n<meta name=\"robots\" content=\"index, follow, max-snippet:-1, max-image-preview:large, max-video-preview:-1\" \/>\n<link rel=\"canonical\" href=\"https:\/\/lurdyhaz.hu\/en\/events\/beke-bennem-beke-korulottem-peller-mariann-sebestyen-balazs\/\" \/>\n<meta property=\"og:locale\" content=\"en_US\" \/>\n<meta property=\"og:type\" content=\"article\" \/>\n<meta property=\"og:title\" content=\"B\u00e9ke bennem, b\u00e9ke k\u00f6r\u00fcl\u00f6ttem Peller Mariann &amp; Sebesty\u00e9n Bal\u00e1zs\" \/>\n<meta property=\"og:url\" content=\"https:\/\/lurdyhaz.hu\/en\/events\/beke-bennem-beke-korulottem-peller-mariann-sebestyen-balazs\/\" \/>\n<meta property=\"og:site_name\" content=\"Lurdy H\u00e1z Budapest\" \/>\n<meta property=\"article:publisher\" content=\"https:\/\/www.facebook.com\/lurdybudapest\/\" \/>\n<meta property=\"article:modified_time\" content=\"2026-01-09T15:03:18+00:00\" \/>\n<meta name=\"twitter:card\" content=\"summary_large_image\" \/>\n<script type=\"application\/ld+json\" class=\"yoast-schema-graph\">{\"@context\":\"https:\/\/schema.org\",\"@graph\":[{\"@type\":\"WebPage\",\"@id\":\"https:\/\/lurdyhaz.hu\/en\/events\/beke-bennem-beke-korulottem-peller-mariann-sebestyen-balazs\/\",\"url\":\"https:\/\/lurdyhaz.hu\/en\/events\/beke-bennem-beke-korulottem-peller-mariann-sebestyen-balazs\/\",\"name\":\"B\u00e9ke bennem, b\u00e9ke k\u00f6r\u00fcl\u00f6ttem Peller Mariann & Sebesty\u00e9n Bal\u00e1zs - Lurdy H\u00e1z Budapest\",\"isPartOf\":{\"@id\":\"https:\/\/lurdyhaz.hu\/en\/#website\"},\"datePublished\":\"2026-01-07T11:01:15+00:00\",\"dateModified\":\"2026-01-09T15:03:18+00:00\",\"breadcrumb\":{\"@id\":\"https:\/\/lurdyhaz.hu\/en\/events\/beke-bennem-beke-korulottem-peller-mariann-sebestyen-balazs\/#breadcrumb\"},\"inLanguage\":\"en-US\",\"potentialAction\":[{\"@type\":\"ReadAction\",\"target\":[\"https:\/\/lurdyhaz.hu\/en\/events\/beke-bennem-beke-korulottem-peller-mariann-sebestyen-balazs\/\"]}]},{\"@type\":\"BreadcrumbList\",\"@id\":\"https:\/\/lurdyhaz.hu\/en\/events\/beke-bennem-beke-korulottem-peller-mariann-sebestyen-balazs\/#breadcrumb\",\"itemListElement\":[{\"@type\":\"ListItem\",\"position\":1,\"name\":\"Home\",\"item\":\"https:\/\/lurdyhaz.hu\/en\/\"},{\"@type\":\"ListItem\",\"position\":2,\"name\":\"B\u00e9ke bennem, b\u00e9ke k\u00f6r\u00fcl\u00f6ttem Peller Mariann &#038; Sebesty\u00e9n Bal\u00e1zs\"}]},{\"@type\":\"WebSite\",\"@id\":\"https:\/\/lurdyhaz.hu\/en\/#website\",\"url\":\"https:\/\/lurdyhaz.hu\/en\/\",\"name\":\"Lurdy H\u00e1z Budapest\",\"description\":\"A Lurdy H\u00e1z weboldala.\",\"publisher\":{\"@id\":\"https:\/\/lurdyhaz.hu\/en\/#organization\"},\"potentialAction\":[{\"@type\":\"SearchAction\",\"target\":{\"@type\":\"EntryPoint\",\"urlTemplate\":\"https:\/\/lurdyhaz.hu\/en\/?s={search_term_string}\"},\"query-input\":{\"@type\":\"PropertyValueSpecification\",\"valueRequired\":true,\"valueName\":\"search_term_string\"}}],\"inLanguage\":\"en-US\"},{\"@type\":\"Organization\",\"@id\":\"https:\/\/lurdyhaz.hu\/en\/#organization\",\"name\":\"Lurdy H\u00e1z Budapest\",\"url\":\"https:\/\/lurdyhaz.hu\/en\/\",\"logo\":{\"@type\":\"ImageObject\",\"inLanguage\":\"en-US\",\"@id\":\"https:\/\/lurdyhaz.hu\/en\/#\/schema\/logo\/image\/\",\"url\":\"https:\/\/lurdyhaz.hu\/wp-content\/uploads\/2025\/05\/NYARON-IS-3.png\",\"contentUrl\":\"https:\/\/lurdyhaz.hu\/wp-content\/uploads\/2025\/05\/NYARON-IS-3.png\",\"width\":1920,\"height\":664,\"caption\":\"Lurdy H\u00e1z Budapest\"},\"image\":{\"@id\":\"https:\/\/lurdyhaz.hu\/en\/#\/schema\/logo\/image\/\"},\"sameAs\":[\"https:\/\/www.facebook.com\/lurdybudapest\/\"]}]}<\/script>\n<!-- \/ Yoast SEO Premium plugin. -->","yoast_head_json":{"title":"B\u00e9ke bennem, b\u00e9ke k\u00f6r\u00fcl\u00f6ttem Peller Mariann & Sebesty\u00e9n Bal\u00e1zs - Lurdy H\u00e1z Budapest","robots":{"index":"index","follow":"follow","max-snippet":"max-snippet:-1","max-image-preview":"max-image-preview:large","max-video-preview":"max-video-preview:-1"},"canonical":"https:\/\/lurdyhaz.hu\/en\/events\/beke-bennem-beke-korulottem-peller-mariann-sebestyen-balazs\/","og_locale":"en_US","og_type":"article","og_title":"B\u00e9ke bennem, b\u00e9ke k\u00f6r\u00fcl\u00f6ttem Peller Mariann & Sebesty\u00e9n Bal\u00e1zs","og_url":"https:\/\/lurdyhaz.hu\/en\/events\/beke-bennem-beke-korulottem-peller-mariann-sebestyen-balazs\/","og_site_name":"Lurdy H\u00e1z Budapest","article_publisher":"https:\/\/www.facebook.com\/lurdybudapest\/","article_modified_time":"2026-01-09T15:03:18+00:00","twitter_card":"summary_large_image","schema":{"@context":"https:\/\/schema.org","@graph":[{"@type":"WebPage","@id":"https:\/\/lurdyhaz.hu\/en\/events\/beke-bennem-beke-korulottem-peller-mariann-sebestyen-balazs\/","url":"https:\/\/lurdyhaz.hu\/en\/events\/beke-bennem-beke-korulottem-peller-mariann-sebestyen-balazs\/","name":"B\u00e9ke bennem, b\u00e9ke k\u00f6r\u00fcl\u00f6ttem Peller Mariann & Sebesty\u00e9n Bal\u00e1zs - Lurdy H\u00e1z Budapest","isPartOf":{"@id":"https:\/\/lurdyhaz.hu\/en\/#website"},"datePublished":"2026-01-07T11:01:15+00:00","dateModified":"2026-01-09T15:03:18+00:00","breadcrumb":{"@id":"https:\/\/lurdyhaz.hu\/en\/events\/beke-bennem-beke-korulottem-peller-mariann-sebestyen-balazs\/#breadcrumb"},"inLanguage":"en-US","potentialAction":[{"@type":"ReadAction","target":["https:\/\/lurdyhaz.hu\/en\/events\/beke-bennem-beke-korulottem-peller-mariann-sebestyen-balazs\/"]}]},{"@type":"BreadcrumbList","@id":"https:\/\/lurdyhaz.hu\/en\/events\/beke-bennem-beke-korulottem-peller-mariann-sebestyen-balazs\/#breadcrumb","itemListElement":[{"@type":"ListItem","position":1,"name":"Home","item":"https:\/\/lurdyhaz.hu\/en\/"},{"@type":"ListItem","position":2,"name":"B\u00e9ke bennem, b\u00e9ke k\u00f6r\u00fcl\u00f6ttem Peller Mariann &#038; Sebesty\u00e9n Bal\u00e1zs"}]},{"@type":"WebSite","@id":"https:\/\/lurdyhaz.hu\/en\/#website","url":"https:\/\/lurdyhaz.hu\/en\/","name":"Lurdy H\u00e1z Budapest","description":"A Lurdy H\u00e1z weboldala.","publisher":{"@id":"https:\/\/lurdyhaz.hu\/en\/#organization"},"potentialAction":[{"@type":"SearchAction","target":{"@type":"EntryPoint","urlTemplate":"https:\/\/lurdyhaz.hu\/en\/?s={search_term_string}"},"query-input":{"@type":"PropertyValueSpecification","valueRequired":true,"valueName":"search_term_string"}}],"inLanguage":"en-US"},{"@type":"Organization","@id":"https:\/\/lurdyhaz.hu\/en\/#organization","name":"Lurdy H\u00e1z Budapest","url":"https:\/\/lurdyhaz.hu\/en\/","logo":{"@type":"ImageObject","inLanguage":"en-US","@id":"https:\/\/lurdyhaz.hu\/en\/#\/schema\/logo\/image\/","url":"https:\/\/lurdyhaz.hu\/wp-content\/uploads\/2025\/05\/NYARON-IS-3.png","contentUrl":"https:\/\/lurdyhaz.hu\/wp-content\/uploads\/2025\/05\/NYARON-IS-3.png","width":1920,"height":664,"caption":"Lurdy H\u00e1z Budapest"},"image":{"@id":"https:\/\/lurdyhaz.hu\/en\/#\/schema\/logo\/image\/"},"sameAs":["https:\/\/www.facebook.com\/lurdybudapest\/"]}]}},"_links":{"self":[{"href":"https:\/\/lurdyhaz.hu\/en\/wp-json\/wp\/v2\/events-cpt\/9176","targetHints":{"allow":["GET"]}}],"collection":[{"href":"https:\/\/lurdyhaz.hu\/en\/wp-json\/wp\/v2\/events-cpt"}],"about":[{"href":"https:\/\/lurdyhaz.hu\/en\/wp-json\/wp\/v2\/types\/events-cpt"}],"wp:attachment":[{"href":"https:\/\/lurdyhaz.hu\/en\/wp-json\/wp\/v2\/media?parent=9176"}],"curies":[{"name":"wp","href":"https:\/\/api.w.org\/{rel}","templated":true}]}}